{"id":2,"date":"2017-11-29T17:08:17","date_gmt":"2017-11-29T22:08:17","guid":{"rendered":"http:\/\/dorisgicherman.com\/site\/?page_id=2"},"modified":"2021-01-12T16:44:14","modified_gmt":"2021-01-12T21:44:14","slug":"la-empresa","status":"publish","type":"page","link":"http:\/\/dorisgicherman.com\/site\/la-empresa\/","title":{"rendered":"Quienes Somos"},"content":{"rendered":"\n\n\t\t\t\t<img loading=\"lazy\" src=\"http:\/\/dorisgicherman.com\/site\/wp-content\/uploads\/2017\/11\/qs.jpg\" alt=\"qs\" itemprop=\"image\" height=\"450\" width=\"450\" title=\"qs\" onerror=\"this.style.display='none'\"  \/>\n<h1>\n\t\tUPIDG\n\t<\/h1>\n\t<p>Unidad Psicopedag\u00f3gica Integral Doris Gicherman, es un \u00a0centro de atenci\u00f3n que ofrece herramientas de prevenci\u00f3n y desarrollo del ser humano. Est\u00e1 conformada por un grupo multidisciplinario de profesionales en educaci\u00f3n y profesiones afines, donde se busca la integraci\u00f3n de la salud mental y f\u00edsica de ni\u00f1os, adolescentes, adultos y familias.<\/p>\n<p>UPIDG, surge de la necesidad de trabajar en conjunto y brindar estrategias Psico-Educativas en pro de los escolares, de la mano del compromiso familiar.<\/p>\n<p>El equipo es de alcance nacional, por lo que nos proponemos trabajar con comunidades y particulares que se encuentren dispuestos a generar cambios en las conductas, destrezas y habilidades que favorezcan al \u00e9xito acad\u00e9mico y personal.<\/p>\n<p>En la Unidad Psicopedag\u00f3gica Integral Doris Gicherman contamos con herramientas que nos permiten conocer las causas por las cuales se producen las dificultades del aprendizaje, as\u00ed como determinar qu\u00e9 aspectos influyen y son responsables de dichos trastornos.<\/p>\n<p>Nuestra filosof\u00eda de trabajo nos indica que: \u00abNo podemos controlar los vientos, pero si podemos ajustar las velas, enfilar la proa en la direcci\u00f3n escogida por nosotros\u00bb.<\/p>\n\n\t\t\t\t<img loading=\"lazy\" src=\"http:\/\/dorisgicherman.com\/site\/wp-content\/uploads\/2017\/11\/vision.jpg\" alt=\"vision\" itemprop=\"image\" height=\"489\" width=\"270\" title=\"vision\" onerror=\"this.style.display='none'\"  \/>\n\t<h3><strong>Misi\u00f3n<\/strong><\/h3>\n<p>Nacemos como una oportunidad de ofrecer m\u00e9todos psicoterap\u00e9uticos eficientes, a fines de abordar trastornos de aprendizaje en ni\u00f1os, ni\u00f1as,\u00a0 j\u00f3venes y adultos.<\/p>\n<h3><strong>Visi\u00f3n<\/strong><\/h3>\n<p>Posicionarnos como un espacio de trabajo que rompa paradigmas en pro de nuestros j\u00f3venes, donde las \u00a0propuestas de ense\u00f1anza den lugar a nuevos estilos de aprendizaje.<\/p>\n<h3><strong>Valores<\/strong><\/h3>\n<ul>\n<li>Responsabilidad<\/li>\n<li>Respeto<\/li>\n<li>Compromiso<\/li>\n<li>Vocaci\u00f3n Profesional<\/li>\n<\/ul>\n<p>&nbsp;<\/p>\n\n","protected":false},"excerpt":{"rendered":"<p>UPIDG Unidad Psicopedag\u00f3gica Integral Doris Gicherman, es un \u00a0centro de atenci\u00f3n que ofrece herramientas de prevenci\u00f3n y desarrollo del ser humano. Est\u00e1 conformada por un grupo multidisciplinario de profesionales en educaci\u00f3n y profesiones afines, donde se busca la integraci\u00f3n de la salud mental y f\u00edsica de ni\u00f1os, adolescentes, adultos y familias. UPIDG, surge de la [&hellip;]<\/p>\n","protected":false},"author":1,"featured_media":0,"parent":0,"menu_order":0,"comment_status":"closed","ping_status":"closed","template":"","meta":[],"_links":{"self":[{"href":"http:\/\/dorisgicherman.com\/site\/wp-json\/wp\/v2\/pages\/2"}],"collection":[{"href":"http:\/\/dorisgicherman.com\/site\/wp-json\/wp\/v2\/pages"}],"about":[{"href":"http:\/\/dorisgicherman.com\/site\/wp-json\/wp\/v2\/types\/page"}],"author":[{"embeddable":true,"href":"http:\/\/dorisgicherman.com\/site\/wp-json\/wp\/v2\/users\/1"}],"replies":[{"embeddable":true,"href":"http:\/\/dorisgicherman.com\/site\/wp-json\/wp\/v2\/comments?post=2"}],"version-history":[{"count":7,"href":"http:\/\/dorisgicherman.com\/site\/wp-json\/wp\/v2\/pages\/2\/revisions"}],"predecessor-version":[{"id":924,"href":"http:\/\/dorisgicherman.com\/site\/wp-json\/wp\/v2\/pages\/2\/revisions\/924"}],"wp:attachment":[{"href":"http:\/\/dorisgicherman.com\/site\/wp-json\/wp\/v2\/media?parent=2"}],"curies":[{"name":"wp","href":"https:\/\/api.w.org\/{rel}","templated":true}]}}