{"id":158,"date":"2017-11-29T17:08:17","date_gmt":"2017-11-29T22:08:17","guid":{"rendered":"http:\/\/dorisgicherman.com\/site\/?page_id=158"},"modified":"2018-05-01T11:33:03","modified_gmt":"2018-05-01T16:33:03","slug":"servicios","status":"publish","type":"page","link":"http:\/\/dorisgicherman.com\/site\/servicios\/","title":{"rendered":"Servicios"},"content":{"rendered":"<p>\t\t\t\t<img loading=\"lazy\" src=\"http:\/\/dorisgicherman.com\/site\/wp-content\/uploads\/2018\/01\/tlenguaje.jpg\" alt=\"tlenguaje\" itemprop=\"image\" height=\"326\" width=\"450\"  \/><\/p>\n<h2>Terapia de Lenguaje<\/h2>\n<p style=\"text-align: justify;\">Es una ciencia de la salud encargada de estudiar la comunicaci\u00f3n humana y sus posibles des\u00f3rdenes a trav\u00e9s de la evaluaci\u00f3n de las \u00e1reas del lenguaje: habla, voz y audici\u00f3n, desde edades tempranas para la adecuada prevenci\u00f3n, diagn\u00f3stico e intervenci\u00f3n de los mismos; siempre observando las caracter\u00edsticas: socio-econ\u00f3micas, culturales y an\u00e1tomo-fisiol\u00f3gicas de cada individuo.<\/p>\n<p>&nbsp;<\/p>\n<p>&nbsp;<\/p>\n<p>\t\t\t\t<img loading=\"lazy\" src=\"http:\/\/dorisgicherman.com\/site\/wp-content\/uploads\/2018\/01\/po.jpg\" alt=\"po\" itemprop=\"image\" height=\"320\" width=\"450\"  \/><\/p>\n<h2>Psicopedagog\u00eda Integral<\/h2>\n<p style=\"text-align: justify;\">El Psicopedagogo proporciona herramientas de intervenci\u00f3n en la evaluaci\u00f3n de diagn\u00f3stico que se realiza a ni\u00f1os y adolescentes seg\u00fan sus necesidades.<\/p>\n<p style=\"text-align: justify;\">El Psicopedagogo est\u00e1 adem\u00e1s capacitado para crear proyectos orientados hacia la resoluci\u00f3n, prevenci\u00f3n de aquellas problem\u00e1ticas identificadas hoy en d\u00eda como tropiezos para avanzar con \u00e9xito donde el equipo interdisciplinario realiza su aporte complementario.<\/p>\n<p>&nbsp;<\/p>\n<p>\t\t\t\t<img loading=\"lazy\" src=\"http:\/\/dorisgicherman.com\/site\/wp-content\/uploads\/2018\/01\/psiquia.jpg\" alt=\"psiquia\" itemprop=\"image\" height=\"320\" width=\"450\"  \/><\/p>\n<h2>Psiquiatr\u00eda y Psicoterapia<\/h2>\n<p style=\"text-align: justify;\">La Psiquiatr\u00eda est\u00e1 catalogada como una ciencia antigua, se sustenta en fundamentos b\u00e1sicos realizados por expertos a nivel mundial. Es conocida como una especialidad m\u00e9dica dedicada al estudio de enfermedades mentales y sus tratamientos.<\/p>\n<p style=\"text-align: justify;\">Al transcurrir el tiempo surge la psicoterapia, una herramienta que convierte a la psiquiatr\u00eda en una alternativa de generar bienestar a los pacientes generando mejor calidad de vida, siendo la medicaci\u00f3n una opci\u00f3n para el tratamiento.\n<\/p>\n<p>\t\t\t\t<img loading=\"lazy\" src=\"http:\/\/dorisgicherman.com\/site\/wp-content\/uploads\/2018\/01\/neuro.jpg\" alt=\"neuro\" itemprop=\"image\" height=\"320\" width=\"450\"  \/><\/p>\n<h2>Neuropediatr\u00eda<\/h2>\n<p style=\"text-align: justify;\">Especialista que eval\u00faa y diagnostica los trastornos del neuro-desarrollo del ni\u00f1o y todos los procesos neuropatol\u00f3gicos de la infancia.<\/p>\n<p style=\"text-align: left;\">*Ni\u00f1os sanos para control.<\/p>\n<p style=\"text-align: left;\">*Ni\u00f1os en situaci\u00f3n de riesgo biol\u00f3gico.<\/p>\n<p style=\"text-align: left;\">*Trastornos de aprendizaje.<\/p>\n<p style=\"text-align: left;\">*Trastornos de la comunicaci\u00f3n.<\/p>\n<p style=\"text-align: left;\">*Trastornos generalizados del desarrollo.<\/p>\n<p style=\"text-align: left;\">*Trastornos de conducta. D\u00e9ficit de atenci\u00f3n.<\/p>\n<p style=\"text-align: justify;\">\u00a0<\/p>\n<p>\t\t\t\t<img loading=\"lazy\" src=\"http:\/\/dorisgicherman.com\/site\/wp-content\/uploads\/2018\/01\/tutor.jpg\" alt=\"tutor\" itemprop=\"image\" height=\"320\" width=\"450\"  \/><\/p>\n<h2>Tutor\u00edas<\/h2>\n<p style=\"text-align: justify;\">Conocido como el especialista con cualidades, capaz de sintonizar con los alumnos y acompa\u00f1arlos hacia el desarrollo y pr\u00e1ctica de valores y actuales positivas que fortalezcan su vida educativa y social. Se trata de ayudar a los estudiantes (ni\u00f1os y adolescentes) en el logro de sus estudios a trav\u00e9s de tutores que se trasladan a domicilio o a los colegios y reciben supervisi\u00f3n de cada caso en la Unidad.<\/p>\n<p style=\"text-align: justify;\">El grupo con el cual he creado la escuela de tutores est\u00e1 conformado por psicopedagogos, psic\u00f3logos escolares, docentes de educaci\u00f3n integral, terapeutas ocupacionales y fisioterapeutas, terapia de lenguaje y \u00e1reas instrumentales (f\u00edsica, qu\u00edmica y matem\u00e1ticas), educaci\u00f3n especial (retardo mental, s\u00edndrome de Down, trastornos del desarrollo), atenci\u00f3n a zurdos y otros. En definitiva el tutor acad\u00e9mico, fomenta competencias, destrezas en el alumno en un orden activo, cercano y personalizado alcanzando as\u00ed estimular el \u201clogro\u201d como la llave para el \u00e9xito.<\/p>\n<p style=\"text-align: justify;\">\u00a0<\/p>\n<p>\t\t\t\t<img loading=\"lazy\" src=\"http:\/\/dorisgicherman.com\/site\/wp-content\/uploads\/2018\/01\/zurdos-1.jpg\" alt=\"zurdos\" itemprop=\"image\" height=\"666\" width=\"1024\"  \/><\/p>\n<h3>Ni\u00f1os Zurdos<\/h3>\n<p style=\"text-align: justify;\">Es muy importante que un ni\u00f1o zurdo sepa porqu\u00e9 es zurdo y que otros ni\u00f1os tambi\u00e9n lo son, ya que eso le defender\u00e1 delante de una situaci\u00f3n dif\u00edcil. Algunos padres se preocupan cuando su hijo se inclina por la mano izquierda, por considerar en la zurdera como un trastorno de aprendizaje y es m\u00e1s bien una condici\u00f3n.<\/p>\n<p style=\"text-align: justify;\">Claro que un ni\u00f1o zurdo tendr\u00e1 problemas para integrarse a la escritura, pero la dificultad residir\u00e1 apenas al principio. No existen razones para pensar que la zurdera es un trastorno de aprendizaje, de lenguaje o de inteligencia. Los zurdos son tan h\u00e1biles como los diestros, desde cuando usen su mano preferida y la buena noticia con adecuados implementos y ejercicios de reeducaci\u00f3n.<\/p>\n<p style=\"text-align: justify;\">Apoyamos a personas que por el hecho de utilizar productos contrarios a su lateralidad pierden oportunidades en su desarrollo escolar y profesional, discernimiento a familiares, amigos, padres de familia y maestros a ofrecer los mismos beneficios y oportunidades con las que cuentan personas diestras.<\/p>\n<h2>Terapia Ocupacional<\/h2>\n<p style=\"text-align: justify;\">Es el conjunto de t\u00e9cnicas, m\u00e9todos y actuaciones que, a trav\u00e9s de actividades aplicadas con fines terap\u00e9uticos, previene la enfermedad, la discapacidad.<\/p>\n<p style=\"text-align: justify;\">Mantiene la salud, favorece la restauraci\u00f3n de la funci\u00f3n, valora los supuestos del comportamiento y su significaci\u00f3n profunda para conseguir las mayores independencias y reinserciones posibles del individuo.<\/p>\n<p style=\"text-align: justify;\">Ayudan a los pacientes a dominar las actividades b\u00e1sicas de la vida diaria, como comer, vestirse, ba\u00f1arse, ir al ba\u00f1o y actividades instrumentales como leer una revista, peri\u00f3dico etc.<\/p>\n<p style=\"text-align: justify;\">\u00a0<\/p>\n<p>\t\t\t\t<img loading=\"lazy\" src=\"http:\/\/dorisgicherman.com\/site\/wp-content\/uploads\/2018\/01\/tocupacional.jpg\" alt=\"tocupacional\" itemprop=\"image\" height=\"666\" width=\"1024\"  \/><\/p>\n<p style=\"text-align: justify;\">Se centran en el desarrollo de la motricidad fina, en optimizar la funci\u00f3n superior del cuerpo y mejorar la postura. Por tanto, con ejercicios, pr\u00e1cticas y estrategias los terapeutas promueven la independencia de las personas que lo necesitan y as\u00ed les ayudan a desenvolverse en sus \u00e1mbitos cotidianos, ya sea en casa, en el trabajo, en la escuela, practicando deporte, es decir en las actividades de la vida diaria.<\/p>\n<p style=\"text-align: justify;\">Adem\u00e1s, el refuerzo de este tipo de independencia aumenta la auto-confianza, autoestima, tambi\u00e9n ayuda a reducir la demanda de los padres y de los cuidadores. Aunado a otras especialidades, como son la Psicolog\u00eda y la Fisioterapia contribuyen con su bienestar BIOPSICOSOCIAL y as\u00ed mejorar su calidad de vida.<\/p>\n<p>\t\t\t\t<img loading=\"lazy\" src=\"http:\/\/dorisgicherman.com\/site\/wp-content\/uploads\/2018\/01\/Tdesarrollo-1.jpg\" alt=\"Tdesarrollo\" itemprop=\"image\" height=\"666\" width=\"1024\"  \/><\/p>\n<h2>Trastornos del Desarrollo (T.G.D)<\/h2>\n<p style=\"text-align: justify;\">Los T.G.D comprenden un amplio conjunto de trastornos. Algunas clasificaciones diagn\u00f3sticas como el C.I.E-10 (Clasificaci\u00f3n multiaxial de los trastornos psiqui\u00e1tricos en ni\u00f1os y adolescentes) intentan poner cierto orden y permiten el diagn\u00f3stico diferencial dentro de los T.G.D en funci\u00f3n de la discriminaci\u00f3n de los diferentes s\u00edntomas. A saber distingue entre:<\/p>\n<ul>\n<li>Autismo Infantil<\/li>\n<li>Autismo at\u00edpico<\/li>\n<li>S\u00edndrome de Rett<\/li>\n<\/ul>\n<p style=\"text-align: justify;\">Otros trastornos desintegrativos de la infancia:<\/p>\n<ul>\n<li>Trastorno Hiperkin\u00e9tico con Retraso Mental y movimientos estereotipados<\/li>\n<li>S\u00edndrome de Asperger<\/li>\n<li>Trastornos generalizados sin especificar<\/li>\n<\/ul>\n<p style=\"text-align: justify;\">\u00a0<\/p>\n<p>\t\t\t\t<img loading=\"lazy\" src=\"http:\/\/dorisgicherman.com\/site\/wp-content\/uploads\/2018\/05\/terapfamil.jpg\" alt=\"terapfamil\" itemprop=\"image\" height=\"330\" width=\"450\"  \/><\/p>\n<h2>Orientaci\u00f3n Familiar<\/h2>\n<p style=\"text-align: justify;\">La relaci\u00f3n familia- escuela es un pilar b\u00e1sico en la educaci\u00f3n y la Unidad Psicopedag\u00f3gica Integral busca conseguir un desarrollo \u00edntegro tanto f\u00edsico, mental y social para armonizar y apostar al \u00e9xito.<\/p>\n<p>&nbsp;<\/p>\n<p>&nbsp;<\/p>\n<p>\t\t\t\t<img loading=\"lazy\" src=\"http:\/\/dorisgicherman.com\/site\/wp-content\/uploads\/2018\/05\/escuela.jpg\" alt=\"escuela\" itemprop=\"image\" height=\"330\" width=\"450\"  \/><\/p>\n<h2>Taller para Padres<\/h2>\n<p>La relaci\u00f3n familia- escuela es un pilar b\u00e1sico en la educaci\u00f3n y la Unidad busca conseguir un desarrollo \u00edntegro tanto f\u00edsico, mental y social para armonizar apostando al \u00e9xito.<\/p>\n<p>&nbsp;<\/p>\n<p>&nbsp;<\/p>\n<p>\t\t\t\t<img loading=\"lazy\" src=\"http:\/\/dorisgicherman.com\/site\/wp-content\/uploads\/2018\/05\/conferencias.jpg\" alt=\"conferencias\" itemprop=\"image\" height=\"330\" width=\"450\"  \/><\/p>\n<h2>Conferencias<\/h2>\n<p>Formamos, representamos y promovemos a trav\u00e9s de nuestros especialistas conocimientos que toquen el alma, ayud\u00e1ndolos a crecer y alcanzar la raz\u00f3n de por qu\u00e9 asisten a una charla, conferencia o tertulia.<\/p>\n<h2>Psicolog\u00eda<\/h2>\n<p style=\"text-align: justify;\">Es un servicio para favorecer el desarrollo integral de los ni\u00f1os y adolescentes a lo largo de su proceso de educaci\u00f3n formal, comprendiendo los procesos y din\u00e1micas conductuales tras los problemas acad\u00e9micos, psicol\u00f3gicos, familiares o sociales que les llevan a consulta.<\/p>\n<p style=\"text-align: justify;\">El objetivo fundamental es lograr la adaptaci\u00f3n de modo que la conducta est\u00e9 acorde a las pautas socioeducativas, permitiendo la realizaci\u00f3n personal y el desarrollo del potencial. Para ello es necesario ajustar los enfoques y estrategias a sus necesidades particulares para asegurar el \u00e9xito de las intervenciones, entendiendo que estas no se restringen al \u00e1mbito escolar, sino que abarcan al familiar y social comunitario.<\/p>\n<p>\t\t\t\t<img loading=\"lazy\" src=\"http:\/\/dorisgicherman.com\/site\/wp-content\/uploads\/2018\/01\/psicologia.jpg\" alt=\"psicologia\" itemprop=\"image\" height=\"206\" width=\"309\"  \/><\/p>\n<p style=\"text-align: center;\"><strong>Psicolog\u00eda Cl\u00ednica<\/strong><\/p>\n<p style=\"text-align: justify;\">Conocido como el abordaje terap\u00e9utico de diversos conflictos emocionales que pueden afectar la rutina del d\u00eda a d\u00eda. Esta ciencia puede trabajarse en ni\u00f1os y adultos y afecta a todos los \u00e1mbitos de interrelaci\u00f3n de los individuos. <strong>\u00a0<\/strong><\/p>\n<p style=\"text-align: center;\"><strong>Psicolog\u00eda Conductual<\/strong><\/p>\n<p style=\"text-align: justify;\">Se caracteriza por estudiar el comportamiento humano, as\u00ed como aplicar t\u00e9cnicas de modificaci\u00f3n de conducta, promoviendo el cambio mediante diversas formas de condicionamientos.<\/p>\n<p style=\"text-align: justify;\">Las edades en donde se presentan conductas que interfieren en el desarrollo son b\u00e1sicamente en ni\u00f1os de \u00e1mbito escolar. El objetivo de este trabajo es el desarrollo de las capacidades educativas, de las personas, grupos, instituciones y comunidades sociales.<\/p>\n<h4 style=\"text-align: center;\"><strong>Psicolog\u00eda Escolar <\/strong><\/h4>\n<p style=\"text-align: justify;\">Especialidad de la Psicolog\u00eda que abarca \u00e1reas de prevenci\u00f3n, detecci\u00f3n, correcci\u00f3n y de orientaci\u00f3n al alumno, al docente y a la familia. As\u00ed mismo se logra la orientaci\u00f3n a padres referente a la estimulaci\u00f3n del infante y escolar para lograr el desarrollo y maduraci\u00f3n motora, perceptual, de lenguaje y cognitiva que permita la adecuada adquisici\u00f3n de competencias escolares de acuerdo a su edad y nivel educativo.\u00a0\u00a0 Y por \u00faltimo pero no menos importante, se plantea el apoyo al docente en cuanto a aspectos curriculares, el desarrollo de estrategias de aprendizaje y manejo conductual y\/o emocional.<\/p>\n","protected":false},"excerpt":{"rendered":"<p>Terapia de Lenguaje Es una ciencia de la salud encargada de estudiar la comunicaci\u00f3n humana y sus posibles des\u00f3rdenes a trav\u00e9s de la evaluaci\u00f3n de las \u00e1reas del lenguaje: habla, voz y audici\u00f3n, desde edades tempranas para la adecuada prevenci\u00f3n, diagn\u00f3stico e intervenci\u00f3n de los mismos; siempre observando las caracter\u00edsticas: socio-econ\u00f3micas, culturales y an\u00e1tomo-fisiol\u00f3gicas de [&hellip;]<\/p>\n","protected":false},"author":1,"featured_media":0,"parent":0,"menu_order":0,"comment_status":"closed","ping_status":"closed","template":"","meta":[],"_links":{"self":[{"href":"http:\/\/dorisgicherman.com\/site\/wp-json\/wp\/v2\/pages\/158"}],"collection":[{"href":"http:\/\/dorisgicherman.com\/site\/wp-json\/wp\/v2\/pages"}],"about":[{"href":"http:\/\/dorisgicherman.com\/site\/wp-json\/wp\/v2\/types\/page"}],"author":[{"embeddable":true,"href":"http:\/\/dorisgicherman.com\/site\/wp-json\/wp\/v2\/users\/1"}],"replies":[{"embeddable":true,"href":"http:\/\/dorisgicherman.com\/site\/wp-json\/wp\/v2\/comments?post=158"}],"version-history":[{"count":5,"href":"http:\/\/dorisgicherman.com\/site\/wp-json\/wp\/v2\/pages\/158\/revisions"}],"predecessor-version":[{"id":799,"href":"http:\/\/dorisgicherman.com\/site\/wp-json\/wp\/v2\/pages\/158\/revisions\/799"}],"wp:attachment":[{"href":"http:\/\/dorisgicherman.com\/site\/wp-json\/wp\/v2\/media?parent=158"}],"curies":[{"name":"wp","href":"https:\/\/api.w.org\/{rel}","templated":true}]}}